{"id":10345,"date":"2016-02-23T21:00:19","date_gmt":"2016-02-23T20:00:19","guid":{"rendered":"https:\/\/c-hessler.de\/?post_type=product&#038;p=10345"},"modified":"2026-08-12T18:10:23","modified_gmt":"2026-08-12T16:10:23","slug":"endefraeser-til-limede-kanter-pa-mobeldele-af-trae","status":"publish","type":"product","link":"https:\/\/c-hessler.de\/da\/shop\/buendigfraeser-fuer-angeleimte-kanten-an-holz-moebelteilen\/","title":{"rendered":"Planfr\u00e6ser til limede kanter p\u00e5 m\u00f8beldele af tr\u00e6: Helvinklet planfr\u00e6ser MZ 100 160V"},"content":{"rendered":"<p class=\"wp-block-paragraph\"><\/p>\n\n\n\n<div class=\"wp-block-columns is-layout-flex wp-container-core-columns-is-layout-8d39b2df wp-block-columns-is-layout-flex\">\n<div class=\"wp-block-column is-layout-flow wp-block-column-is-layout-flow\" style=\"flex-basis:33.33%\">\n<figure class=\"wp-block-boldblocks-youtube-block\"><div id=\"yb-video-1ccs5AtyiBg\" class=\"yb-player\" data-video-id=\"1ccs5AtyiBg\" data-title=\"Play\" style=\"background-image:url(https:\/\/img.youtube.com\/vi\/1ccs5AtyiBg\/hqdefault.jpg)\"><button type=\"button\" class=\"yb-btn-play\"><span class=\"visually-hidden\">Spil<\/span><\/button><\/div><figcaption class=\"yb-caption\">Helvinklet planfr\u00e6ser: Kort og godt<\/figcaption><\/figure>\n\n\n\n<figure class=\"wp-block-boldblocks-youtube-block\"><div id=\"yb-video-MSCbJAx2XQk\" class=\"yb-player\" data-video-id=\"MSCbJAx2XQk\" data-title=\"Play\" style=\"background-image:url(https:\/\/img.youtube.com\/vi\/MSCbJAx2XQk\/hqdefault.jpg)\"><button type=\"button\" class=\"yb-btn-play\"><span class=\"visually-hidden\">Spil<\/span><\/button><\/div><\/figure>\n\n\n\n<h2 id=\"h-was-der-allwinkel-bundigfraser-kann\" class=\"wp-block-heading\">Hvad kan en all-angle flush fr\u00e6ser g\u00f8re?<\/h2>\n\n\n\n<ul class=\"wp-block-list\">\n<li>Meget let, meget god h\u00e5ndtering<\/li>\n\n\n\n<li>Planfr\u00e6sning af kantb\u00e5ndets overh\u00e6ng i hj\u00f8rner op til \u03b1=160\u00b0.<\/li>\n\n\n\n<li>Hurtigt skift mellem forskellige vinkler uden justering<\/li>\n\n\n\n<li>Rent fr\u00e6sningsresultat<\/li>\n<\/ul>\n<\/div>\n\n\n\n<div class=\"wp-block-column is-layout-flow wp-block-column-is-layout-flow\" style=\"flex-basis:66.66%\">\n<h3 class=\"wp-block-heading\">Til affasede fronter, trapezformede borde, bordplader<\/h3>\n\n\n\n<p class=\"wp-block-paragraph\">Unser B\u00fcndigfr\u00e4ser ist das perfekte Werkzeug f\u00fcr angeleimte Kanten an Holz-M\u00f6belteilen. Weil wir ihn entwickelt haben f\u00fcr Tischler und Schreiner. Damit k\u00f6nnen einfach und schnell \u00fcberstehende Stirnkanten an den Ecken abgefr\u00e4st werden. Die angeleimten Kanten k\u00f6nnen aus Holz oder Kunststoff sein.<\/p>\n\n\n\n<p class=\"wp-block-paragraph\">I mods\u00e6tning til konventionelle h\u00e5ndholdte maskiner er planfr\u00e6seren velegnet til ikke-vinklede arbejdsemner. Eksempler p\u00e5 dette er trapezformede borde eller skr\u00e5nende tagdele. Da der ikke kr\u00e6ves nogen anslagsjustering, kan forskellige vinkler bearbejdes direkte. Den bruges ogs\u00e5 til rette vinkler, f.eks. til produktion af bordplader i k\u00f8kkenindustrien.<\/p>\n\n\n\n<h3 class=\"wp-block-heading\">Pr\u00e6cis fr\u00e6sning<\/h3>\n\n\n\n<p class=\"wp-block-paragraph\">Der B\u00fcndigfr\u00e4ser f\u00fcr angeleimte Kanten an Holz-M\u00f6belteilen hat eine pneumatischen Antriebseinheit. Au\u00dferdem ist das Werkzeug ist direkt auf der Spindel befestigt und hat ein Anlauflager. Das Werkzeug ist ein B\u00fcndigfr\u00e4s-Werkzeug. Damit k\u00f6nnen die \u00dcberst\u00e4nde von Kantenstreifen mit Leichtigkeit entfernt werden. Weiterhin ist die Anlageeinheit biegesteif mit der Antriebseinheit verbunden. Entsprechend m\u00fcssen keine beweglichen Anschl\u00e4ge eingestellt werden. Dadurch wird eine einfache und schnelle Bearbeitung m\u00f6glich.<\/p>\n\n\n\n<p class=\"wp-block-paragraph\">Das Anlauflager des Fr\u00e4ser rollt auf der Nachbarkante ab. Aus diesem Grund werden die Schneiden des Fr\u00e4sers in einem definierten, sehr geringen Abstand von der Nachbarkante ferngehalten. Entsprechend werden \u00dcberst\u00e4nde pr\u00e4zise bearbeitet. Besch\u00e4digungen auf der Oberfl\u00e4che des Nachbarkante werden vermieden.<\/p>\n\n\n\n<h3 class=\"wp-block-heading\">Arbejd hurtigt<\/h3>\n\n\n\n<ul class=\"wp-block-list\">\n<li>Flush-fr\u00e6sning af kantb\u00e5ndets overh\u00e6ng i hj\u00f8rner op til ca. \u03b1=160\u00b0 kan udf\u00f8res nemt og pr\u00e6cist med denne fr\u00e6semaskine.<\/li>\n\n\n\n<li>Takket v\u00e6re det hurtige skift mellem forskellige vinkler kan maskinen bruges s\u00e6rligt fleksibelt uden behov for tidskr\u00e6vende justering.<\/li>\n\n\n\n<li>Det rene fr\u00e6sningsresultat taler for maskinens h\u00f8je kvalitet og sikrer en perfekt overflade.<\/li>\n\n\n\n<li>Maskinen er s\u00e6rdeles let og har en meget god h\u00e5ndtering, hvilket har en positiv effekt p\u00e5 arbejdskomforten.<\/li>\n<\/ul>\n\n\n\n<p class=\"wp-block-paragraph\">Kort sagt er vores overfr\u00e6ser til limede kanter p\u00e5 m\u00f8beldele af tr\u00e6 det ideelle v\u00e6rkt\u00f8j til snedkere og t\u00f8mrere, der har brug for hurtig, nem og pr\u00e6cis bearbejdning af kantlister i hj\u00f8rnerne. Vores overfr\u00e6ser sparer dig tid og \u00f8ger kvaliteten af dit arbejde. Pr\u00f8v den i dag!<\/p>\n<\/div>\n<\/div>\n\n\n\n<div style=\"height:30px\" aria-hidden=\"true\" class=\"wp-block-spacer\"><\/div>\n\n\n\n<div class=\"wp-block-columns is-layout-flex wp-container-core-columns-is-layout-8d39b2df wp-block-columns-is-layout-flex\">\n<div class=\"wp-block-column is-layout-flow wp-block-column-is-layout-flow\">\n<figure class=\"wp-block-image size-large\"><img fetchpriority=\"high\" decoding=\"async\" width=\"1024\" height=\"709\" src=\"https:\/\/c-hessler.de\/wp-content\/uploads\/2015\/04\/Trapeztisch-vorher-250517-Text-1024x709.jpg\" alt=\"Fremspringende kanter p\u00e5 et trapezbord. Kanterne limes i h\u00e5nden, s\u00e5 endefladerne stikker ud.\" class=\"wp-image-10445\" srcset=\"https:\/\/c-hessler.de\/wp-content\/uploads\/2015\/04\/Trapeztisch-vorher-250517-Text-1024x709.jpg 1024w, https:\/\/c-hessler.de\/wp-content\/uploads\/2015\/04\/Trapeztisch-vorher-250517-Text-150x104.jpg 150w, https:\/\/c-hessler.de\/wp-content\/uploads\/2015\/04\/Trapeztisch-vorher-250517-Text-800x554.jpg 800w, https:\/\/c-hessler.de\/wp-content\/uploads\/2015\/04\/Trapeztisch-vorher-250517-Text-300x208.jpg 300w, https:\/\/c-hessler.de\/wp-content\/uploads\/2015\/04\/Trapeztisch-vorher-250517-Text-768x532.jpg 768w, https:\/\/c-hessler.de\/wp-content\/uploads\/2015\/04\/Trapeztisch-vorher-250517-Text-1080x748.jpg 1080w, https:\/\/c-hessler.de\/wp-content\/uploads\/2015\/04\/Trapeztisch-vorher-250517-Text.jpg 1094w\" sizes=\"(max-width: 1024px) 100vw, 1024px\" \/><\/figure>\n<\/div>\n\n\n\n<div class=\"wp-block-column is-layout-flow wp-block-column-is-layout-flow\">\n<figure class=\"wp-block-image size-large\"><img decoding=\"async\" width=\"1024\" height=\"718\" src=\"https:\/\/c-hessler.de\/wp-content\/uploads\/2015\/04\/Trapeztisch-nachher-250517-1024x718.jpg\" alt=\"Med en flush-fr\u00e6ser fjernes fremspringende kantkanter p\u00e5 m\u00f8beldele, s\u00e5 de ligger i niveau.\" class=\"wp-image-10444\" srcset=\"https:\/\/c-hessler.de\/wp-content\/uploads\/2015\/04\/Trapeztisch-nachher-250517-1024x718.jpg 1024w, https:\/\/c-hessler.de\/wp-content\/uploads\/2015\/04\/Trapeztisch-nachher-250517-150x105.jpg 150w, https:\/\/c-hessler.de\/wp-content\/uploads\/2015\/04\/Trapeztisch-nachher-250517-800x561.jpg 800w, https:\/\/c-hessler.de\/wp-content\/uploads\/2015\/04\/Trapeztisch-nachher-250517-300x210.jpg 300w, https:\/\/c-hessler.de\/wp-content\/uploads\/2015\/04\/Trapeztisch-nachher-250517-768x539.jpg 768w, https:\/\/c-hessler.de\/wp-content\/uploads\/2015\/04\/Trapeztisch-nachher-250517.jpg 1045w\" sizes=\"(max-width: 1024px) 100vw, 1024px\" \/><\/figure>\n<\/div>\n<\/div>\n\n\n\n<div class=\"wp-block-columns are-vertically-aligned-center is-layout-flex wp-container-core-columns-is-layout-8d39b2df wp-block-columns-is-layout-flex\">\n<div class=\"wp-block-column is-vertically-aligned-center is-layout-flow wp-block-column-is-layout-flow\">\n<h2 id=\"h-merkmale-zum-system-des-allwinkel-bundigfrasers\" class=\"wp-block-heading title has-text-color\" style=\"color:#131315\"><strong>Systemets funktioner<\/strong> des Allwinkel-B\u00fcndigfr\u00e4sers<\/h2>\n\n\n\n<h3 id=\"h-anwendungsgebiet-des-bundigfrasers\" class=\"wp-block-heading title has-text-color\" style=\"color:#131315\">Anwendungsgebiet des B\u00fcndigfr\u00e4sers<\/h3>\n\n\n\n<p class=\"wp-block-paragraph\">MZ 100 160V hj\u00f8rneformeren giver nye muligheder for kantfr\u00e6sning ved tilpasning af standardm\u00f8bler eller bearbejdning af kanter p\u00e5 specialdele.<\/p>\n\n\n\n<p class=\"wp-block-paragraph\">Endelig en hj\u00f8rneformer til planfr\u00e6sning af kantfremspring i vinkler op til 160\u00b0! Og med forskellige vinkler uden justering.<\/p>\n\n\n\n<h3 id=\"h-funktion-und-bedienung\" class=\"wp-block-heading\">Funktion og betjening<\/h3>\n\n\n\n<ul class=\"wp-block-list\">\n<li>Luftmotor med planfr\u00e6ser i h\u00e5rdmetal, ogs\u00e5 med trykleje<\/li>\n\n\n\n<li>Stopskinne til kontakt med siden af et emne<\/li>\n\n\n\n<li>Stiv, men let konstruktion lavet af aluminium af h\u00f8j kvalitet, ingen st\u00f8bning<\/li>\n\n\n\n<li>Ejendomsret registreret hos det tyske patent- og varem\u00e6rkekontor<\/li>\n<\/ul>\n\n\n\n<h3 id=\"h-preis\" class=\"wp-block-heading\">Pris<\/h3>\n\n\n\n<p class=\"wp-block-paragraph\">Med tysk luftmotor af h\u00f8j kvalitet inklusive monteret fr\u00e6ser, testet og leveret klar til at fr\u00e6se: Se ovenfor for pris.<\/p>\n\n\n\n<h3 id=\"h-technische-voraussetzungen\" class=\"wp-block-heading\">Tekniske krav<\/h3>\n\n\n\n<p class=\"wp-block-paragraph\">Det er n\u00f8dvendigt regelm\u00e6ssigt at tils\u00e6tte olie til trykluftanl\u00e6gget for at det kan fungere. Ved sporadisk brug kan dette g\u00f8res ved at fylde olien direkte i<br>Olien kan tilf\u00f8res ved hj\u00e6lp af en tryklufttilslutning eller, i tilf\u00e6lde af kontinuerlig drift, ved hj\u00e6lp af en vedligeholdelsesenhed, der er indstillet til 1 dr\u00e5be olie pr. minut.<\/p>\n\n\n\n<h3 id=\"h-lieferumfang\" class=\"wp-block-heading\">Leveringens omfang<\/h3>\n\n\n\n<ul class=\"wp-block-list\">\n<li>Maskine<\/li>\n\n\n\n<li>Fr\u00e6ser, monteret og forudindstillet<\/li>\n\n\n\n<li>Hver maskine med fr\u00e6ser er testet og godkendt p\u00e5 tr\u00e6\/plast<\/li>\n\n\n\n<li>Originalt udstyr til trykluft med specifikation<\/li>\n\n\n\n<li>Betjeningsvejledning<\/li>\n\n\n\n<li>V\u00e6rkt\u00f8j<\/li>\n<\/ul>\n\n\n\n<div style=\"height:24px\" aria-hidden=\"true\" class=\"wp-block-spacer\"><\/div>\n<\/div>\n\n\n\n<div class=\"wp-block-column is-vertically-aligned-center is-layout-flow wp-block-column-is-layout-flow\" style=\"flex-basis:60%\">\n<figure class=\"wp-block-boldblocks-youtube-block\"><div id=\"yb-video-1ccs5AtyiBg\" class=\"yb-player\" data-video-id=\"1ccs5AtyiBg\" data-title=\"Play\" style=\"background-image:url(https:\/\/img.youtube.com\/vi\/1ccs5AtyiBg\/hqdefault.jpg)\"><button type=\"button\" class=\"yb-btn-play\"><span class=\"visually-hidden\">Spil<\/span><\/button><\/div><\/figure>\n<\/div>\n<\/div>\n\n\n\n<div class=\"wp-block-columns are-vertically-aligned-center is-layout-flex wp-container-core-columns-is-layout-8d39b2df wp-block-columns-is-layout-flex\">\n<div class=\"wp-block-column is-vertically-aligned-center is-layout-flow wp-block-column-is-layout-flow\">\n<h2 id=\"h-der-allwinkel-bundigfraser-ist-seit-2012-am-markt-und-hat-sich-sehr-gut-bewahrt\" class=\"wp-block-heading title has-text-color\" style=\"color:#131315\"><strong>All-angle flush fr\u00e6seren har v\u00e6ret p\u00e5 markedet siden 2012 og har vist sit v\u00e6rd:<\/strong><\/h2>\n\n\n\n<h3 id=\"h-wie-es-geht\" class=\"wp-block-heading\">S\u00e5dan fungerer det:<\/h3>\n\n\n\n<figure class=\"wp-block-gallery has-nested-images columns-default is-cropped wp-block-gallery-1 is-layout-flex wp-block-gallery-is-layout-flex\">\n<figure class=\"wp-block-image size-large\"><img decoding=\"async\" width=\"730\" height=\"547\" data-id=\"8502\" src=\"https:\/\/c-hessler.de\/wp-content\/uploads\/2015\/04\/allwinkel-003.jpg\" alt=\"Den fremspringende kant fjernes. Den ene h\u00e5nd griber fat om trykluftmotoren, mens den anden h\u00e5nd fikserer den forreste ende ved kanten og midten af pladens tykkelse.\" class=\"wp-image-8502\" srcset=\"https:\/\/c-hessler.de\/wp-content\/uploads\/2015\/04\/allwinkel-003.jpg 730w, https:\/\/c-hessler.de\/wp-content\/uploads\/2015\/04\/allwinkel-003-150x112.jpg 150w, https:\/\/c-hessler.de\/wp-content\/uploads\/2015\/04\/allwinkel-003-510x382.jpg 510w, https:\/\/c-hessler.de\/wp-content\/uploads\/2015\/04\/allwinkel-003-300x225.jpg 300w\" sizes=\"(max-width: 730px) 100vw, 730px\" \/><figcaption class=\"wp-element-caption\"><strong>1. Luftmotor med h\u00e5rdmetal-skyllefr\u00e6ser, ogs\u00e5 med trykleje<br>2. Stopskinne til kontakt med siden af et emne<br>3. Stiv, men let konstruktion lavet af aluminium af h\u00f8j kvalitet, ingen st\u00f8begods<br>4. ejendomsret registreret hos den tyske patent- og varem\u00e6rkestyrelse<\/strong><\/figcaption><\/figure>\n\n\n\n<figure class=\"wp-block-image size-large\"><img loading=\"lazy\" decoding=\"async\" width=\"730\" height=\"547\" data-id=\"8501\" src=\"https:\/\/c-hessler.de\/wp-content\/uploads\/2015\/04\/allwinkel-002.jpg\" alt=\"Helvinklet planfr\u00e6ser MZ 100 160V til kanter og overflader p\u00e5 m\u00f8beldele af tr\u00e6\" class=\"wp-image-8501\" srcset=\"https:\/\/c-hessler.de\/wp-content\/uploads\/2015\/04\/allwinkel-002.jpg 730w, https:\/\/c-hessler.de\/wp-content\/uploads\/2015\/04\/allwinkel-002-150x112.jpg 150w, https:\/\/c-hessler.de\/wp-content\/uploads\/2015\/04\/allwinkel-002-510x382.jpg 510w, https:\/\/c-hessler.de\/wp-content\/uploads\/2015\/04\/allwinkel-002-300x225.jpg 300w\" sizes=\"(max-width: 730px) 100vw, 730px\" \/><figcaption class=\"wp-element-caption\"><strong>1. Planfr\u00e6sning af kantlistens overh\u00e6ng i hj\u00f8rner op til \u03b1=160\u00b0.<br>2. Hurtigt skift mellem forskellige vinkler uden justering<br>3. Rent fr\u00e6sningsresultat<br>4. meget let, meget god h\u00e5ndtering<\/strong><\/figcaption><\/figure>\n<\/figure>\n\n\n\n<figure class=\"wp-block-gallery has-nested-images columns-default is-cropped wp-block-gallery-2 is-layout-flex wp-block-gallery-is-layout-flex\">\n<figure class=\"wp-block-image size-large\"><img decoding=\"async\" width=\"730\" height=\"547\" data-id=\"8502\" src=\"https:\/\/c-hessler.de\/wp-content\/uploads\/2015\/04\/allwinkel-003.jpg\" alt=\"Den fremspringende kant fjernes. Den ene h\u00e5nd griber fat om trykluftmotoren, mens den anden h\u00e5nd fikserer den forreste ende ved kanten og midten af pladens tykkelse.\" class=\"wp-image-8502\" srcset=\"https:\/\/c-hessler.de\/wp-content\/uploads\/2015\/04\/allwinkel-003.jpg 730w, https:\/\/c-hessler.de\/wp-content\/uploads\/2015\/04\/allwinkel-003-150x112.jpg 150w, https:\/\/c-hessler.de\/wp-content\/uploads\/2015\/04\/allwinkel-003-510x382.jpg 510w, https:\/\/c-hessler.de\/wp-content\/uploads\/2015\/04\/allwinkel-003-300x225.jpg 300w\" sizes=\"(max-width: 730px) 100vw, 730px\" \/><figcaption class=\"wp-element-caption\"><strong><br>Forberedelse: Sk\u00e6r den overskydende kant groft af til ca. 3 mm, maks. ca. 6 mm.<br>H\u00f8jre hj\u00f8rne<br>Tag fat i motoren med h\u00f8jre h\u00e5nd i et h\u00f8jre hj\u00f8rne.<br>Tag fat i stopskinnen med venstre h\u00e5nd.<br>Tryk p\u00e5 arbejdsemnet med venstre h\u00e5nds kugle.<br>Den venstre h\u00e5nd udg\u00f8r et drejeligt leje.<br>V\u00e6rkt\u00f8jet drejes fra bund til top, og den overskydende l\u00e6ngde fjernes.<br>Venstre hj\u00f8rne:<br>Drej maskinen rundt om l\u00e6ngdeaksen, afl\u00f8b svarende til h\u00f8jre hj\u00f8rne<\/strong><\/figcaption><\/figure>\n\n\n\n<figure class=\"wp-block-image size-large\"><img loading=\"lazy\" decoding=\"async\" width=\"730\" height=\"547\" data-id=\"8503\" src=\"https:\/\/c-hessler.de\/wp-content\/uploads\/2015\/04\/allwinkel-004.jpg\" alt=\"Den Allwinkel-Bordfr\u00e6ser er let og handy for t\u00f8mrere og snedkere i h\u00e5ndv\u00e6rk og industri.\" class=\"wp-image-8503\" srcset=\"https:\/\/c-hessler.de\/wp-content\/uploads\/2015\/04\/allwinkel-004.jpg 730w, https:\/\/c-hessler.de\/wp-content\/uploads\/2015\/04\/allwinkel-004-150x112.jpg 150w, https:\/\/c-hessler.de\/wp-content\/uploads\/2015\/04\/allwinkel-004-510x382.jpg 510w, https:\/\/c-hessler.de\/wp-content\/uploads\/2015\/04\/allwinkel-004-300x225.jpg 300w\" sizes=\"(max-width: 730px) 100vw, 730px\" \/><figcaption class=\"wp-element-caption\"><strong>Fremragende rundl\u00f8b<br>Meget stille<br>Meget kraftfuld<\/strong><\/figcaption><\/figure>\n<\/figure>\n\n\n\n<p class=\"wp-block-paragraph\"><\/p>\n<\/div>\n<\/div>","protected":false},"excerpt":{"rendered":"<p>Mit dem Allwinkel-B\u00fcndigfr\u00e4ser MZ 100 160V werden stirnseitige Kanten\u00fcberst\u00e4nde b\u00fcndig gefr\u00e4st. Er ist gemacht f\u00fcr Tischler und Schreiner als B\u00fcndigfr\u00e4ser f\u00fcr angeleimte Kanten an Holz-M\u00f6belteilen. Sehr gut geeignet bei von 90\u00b0 abweichenden Winkeln: Dachschr\u00e4genteile, Trapetische, abgeschr\u00e4gte Fronten, Betth\u00e4upter, Arbeitsplatten. Auch f\u00fcr Ober- und Unterseite b\u00fcndig fr\u00e4sen oder Ecken an abgeschr\u00e4gten Fronten. F\u00fcr Fragen stehen wir gerne auch telefonisch zur Verf\u00fcgung. Tel.:\u00a0 05741 3012080,\u00a0 international: +49 5741 3012080<\/p>","protected":false},"featured_media":10491,"comment_status":"open","ping_status":"closed","template":"","meta":{"_acf_changed":false},"product_brand":[],"product_cat":[58],"product_tag":[41,38,40],"class_list":["post-10345","product","type-product","status-publish","has-post-thumbnail","product_cat-handgefuehrte-maschinen","product_tag-aussenecken","product_tag-handgefuehrt","product_tag-pneumatischer-antrieb","first","instock","taxable","shipping-taxable","purchasable","product-type-simple"],"acf":[],"yoast_head":"<!-- This site is optimized with the Yoast SEO Premium plugin v28.2 (Yoast SEO v28.4) - https:\/\/yoast.com\/product\/yoast-seo-premium-wordpress\/ -->\n<title>B\u00fcndigfr\u00e4ser f\u00fcr angeleimte Kanten an Holz-M\u00f6belteilen<\/title>\n<meta name=\"description\" content=\"Mit unserem B\u00fcndigfr\u00e4ser f\u00fcr angeleimte Kanten an Holz-M\u00f6belteilen erreichen Sie perfekte Ergebnisse. Holen Sie sich Ihr Werkzeug noch heute!\" \/>\n<meta name=\"robots\" content=\"index, follow, max-snippet:-1, max-image-preview:large, max-video-preview:-1\" \/>\n<link rel=\"canonical\" href=\"https:\/\/c-hessler.de\/da\/butik\/endefraeser-til-limede-kanter-pa-mobeldele-af-trae\/\" \/>\n<meta property=\"og:locale\" content=\"da_DK\" \/>\n<meta property=\"og:type\" content=\"article\" \/>\n<meta property=\"og:title\" content=\"B\u00fcndigfr\u00e4ser f\u00fcr angeleimte Kanten an Holz-M\u00f6belteilen: Allwinkel-B\u00fcndigfr\u00e4ser MZ 100 160V\" \/>\n<meta property=\"og:description\" content=\"Mit unserem B\u00fcndigfr\u00e4ser f\u00fcr angeleimte Kanten an Holz-M\u00f6belteilen erreichen Sie perfekte Ergebnisse. Holen Sie sich Ihr Werkzeug noch heute!\" \/>\n<meta property=\"og:url\" content=\"https:\/\/c-hessler.de\/da\/butik\/endefraeser-til-limede-kanter-pa-mobeldele-af-trae\/\" \/>\n<meta property=\"og:site_name\" content=\"Dr. Christoph He\u00dfler Maschinensysteme\" \/>\n<meta property=\"article:publisher\" content=\"https:\/\/www.facebook.com\/DrChristophHesslerMaschinensysteme\/\" \/>\n<meta property=\"article:modified_time\" content=\"2026-08-12T16:10:23+00:00\" \/>\n<meta property=\"og:image\" content=\"https:\/\/c-hessler.de\/wp-content\/uploads\/2016\/02\/IMG_6521_DxO.jpg\" \/>\n\t<meta property=\"og:image:width\" content=\"900\" \/>\n\t<meta property=\"og:image:height\" content=\"599\" \/>\n\t<meta property=\"og:image:type\" content=\"image\/jpeg\" \/>\n<meta name=\"twitter:label1\" content=\"Pris\" \/>\n\t<meta name=\"twitter:data1\" content=\"830,00&nbsp;&euro; ohne MwSt.\" \/>\n\t<meta name=\"twitter:label2\" content=\"Tilg\u00e6ngelighed\" \/>\n\t<meta name=\"twitter:data2\" content=\"P\u00e5 lager\" \/>\n<script type=\"application\/ld+json\" class=\"yoast-schema-graph\">{\"@context\":\"https:\\\/\\\/schema.org\",\"@graph\":[{\"@type\":\"WebPage\",\"@id\":\"https:\\\/\\\/c-hessler.de\\\/shop\\\/buendigfraeser-fuer-angeleimte-kanten-an-holz-moebelteilen\\\/\",\"url\":\"https:\\\/\\\/c-hessler.de\\\/shop\\\/buendigfraeser-fuer-angeleimte-kanten-an-holz-moebelteilen\\\/\",\"name\":\"B\u00fcndigfr\u00e4ser f\u00fcr angeleimte Kanten an Holz-M\u00f6belteilen\",\"isPartOf\":{\"@id\":\"https:\\\/\\\/c-hessler.de\\\/#website\"},\"primaryImageOfPage\":{\"@id\":\"https:\\\/\\\/c-hessler.de\\\/shop\\\/buendigfraeser-fuer-angeleimte-kanten-an-holz-moebelteilen\\\/#primaryimage\"},\"image\":{\"@id\":\"https:\\\/\\\/c-hessler.de\\\/shop\\\/buendigfraeser-fuer-angeleimte-kanten-an-holz-moebelteilen\\\/#primaryimage\"},\"thumbnailUrl\":\"https:\\\/\\\/c-hessler.de\\\/wp-content\\\/uploads\\\/2016\\\/02\\\/IMG_6521_DxO.jpg\",\"datePublished\":\"2016-02-23T20:00:19+00:00\",\"dateModified\":\"2026-08-12T16:10:23+00:00\",\"description\":\"Mit unserem B\u00fcndigfr\u00e4ser f\u00fcr angeleimte Kanten an Holz-M\u00f6belteilen erreichen Sie perfekte Ergebnisse. Holen Sie sich Ihr Werkzeug noch heute!\",\"breadcrumb\":{\"@id\":\"https:\\\/\\\/c-hessler.de\\\/shop\\\/buendigfraeser-fuer-angeleimte-kanten-an-holz-moebelteilen\\\/#breadcrumb\"},\"inLanguage\":\"da-DK\",\"potentialAction\":[{\"@type\":\"ReadAction\",\"target\":[\"https:\\\/\\\/c-hessler.de\\\/shop\\\/buendigfraeser-fuer-angeleimte-kanten-an-holz-moebelteilen\\\/\"]}]},{\"@type\":\"ImageObject\",\"inLanguage\":\"da-DK\",\"@id\":\"https:\\\/\\\/c-hessler.de\\\/shop\\\/buendigfraeser-fuer-angeleimte-kanten-an-holz-moebelteilen\\\/#primaryimage\",\"url\":\"https:\\\/\\\/c-hessler.de\\\/wp-content\\\/uploads\\\/2016\\\/02\\\/IMG_6521_DxO.jpg\",\"contentUrl\":\"https:\\\/\\\/c-hessler.de\\\/wp-content\\\/uploads\\\/2016\\\/02\\\/IMG_6521_DxO.jpg\",\"width\":900,\"height\":599,\"caption\":\"B\u00fcndigfr\u00e4ser mit Anlauflager wird angetrieben von hochwertigem Druckluft-Motor.\"},{\"@type\":\"BreadcrumbList\",\"@id\":\"https:\\\/\\\/c-hessler.de\\\/shop\\\/buendigfraeser-fuer-angeleimte-kanten-an-holz-moebelteilen\\\/#breadcrumb\",\"itemListElement\":[{\"@type\":\"ListItem\",\"position\":1,\"name\":\"Produkte\",\"item\":\"https:\\\/\\\/c-hessler.de\\\/produkte\\\/\"},{\"@type\":\"ListItem\",\"position\":2,\"name\":\"B\u00fcndigfr\u00e4ser f\u00fcr angeleimte Kanten an Holz-M\u00f6belteilen: Allwinkel-B\u00fcndigfr\u00e4ser MZ 100 160V\"}]},{\"@type\":\"WebSite\",\"@id\":\"https:\\\/\\\/c-hessler.de\\\/#website\",\"url\":\"https:\\\/\\\/c-hessler.de\\\/\",\"name\":\"www.c-hessler.de\",\"description\":\"\",\"publisher\":{\"@id\":\"https:\\\/\\\/c-hessler.de\\\/#organization\"},\"potentialAction\":[{\"@type\":\"SearchAction\",\"target\":{\"@type\":\"EntryPoint\",\"urlTemplate\":\"https:\\\/\\\/c-hessler.de\\\/?s={search_term_string}\"},\"query-input\":{\"@type\":\"PropertyValueSpecification\",\"valueRequired\":true,\"valueName\":\"search_term_string\"}}],\"inLanguage\":\"da-DK\"},{\"@type\":\"Organization\",\"@id\":\"https:\\\/\\\/c-hessler.de\\\/#organization\",\"name\":\"Dr. Christoph He\u00dfler Maschinensysteme\",\"alternateName\":\"Dr. Christoph He\u00dfler Maschinensysteme\",\"url\":\"https:\\\/\\\/c-hessler.de\\\/\",\"logo\":{\"@type\":\"ImageObject\",\"inLanguage\":\"da-DK\",\"@id\":\"https:\\\/\\\/c-hessler.de\\\/#\\\/schema\\\/logo\\\/image\\\/\",\"url\":\"https:\\\/\\\/c-hessler.de\\\/wp-content\\\/uploads\\\/2026\\\/02\\\/Draw-03-150312-110115-Ausgeschnitten-I.jpg\",\"contentUrl\":\"https:\\\/\\\/c-hessler.de\\\/wp-content\\\/uploads\\\/2026\\\/02\\\/Draw-03-150312-110115-Ausgeschnitten-I.jpg\",\"width\":445,\"height\":394,\"caption\":\"Dr. Christoph He\u00dfler Maschinensysteme\"},\"image\":{\"@id\":\"https:\\\/\\\/c-hessler.de\\\/#\\\/schema\\\/logo\\\/image\\\/\"},\"sameAs\":[\"https:\\\/\\\/www.facebook.com\\\/DrChristophHesslerMaschinensysteme\\\/\",\"https:\\\/\\\/www.pinterest.de\\\/hesstools\\\/\",\"https:\\\/\\\/www.youtube.com\\\/channel\\\/UCaNnXDGGF_BiYFQZ2kJgi-A?view_as=subscriber\"],\"description\":\"1. Ecken- und Kantenfr\u00e4sen f\u00fcr Tischler und Schreiner, Sonderanfertigungen 2. Auch f\u00fcr die Nachbearbeitung von Eck-Schwei\u00dfn\u00e4hten bei Aluminium-Werkstoffen, f\u00fcr Fahrzeugbauer oder Metallbauer aller Art\",\"email\":\"christoph.hessler@c-hessler.de\",\"telephone\":\"0527413012080\",\"legalName\":\"Dr. Christoph He\u00dfler Maschinensysteme\",\"foundingDate\":\"2003-06-05\",\"vatID\":\"DE230070107\",\"numberOfEmployees\":{\"@type\":\"QuantitativeValue\",\"minValue\":\"1\",\"maxValue\":\"10\"}}]}<\/script>\n<meta property=\"og:video\" content=\"https:\/\/www.youtube.com\/embed\/1ccs5AtyiBg\" \/>\n<meta property=\"og:video:type\" content=\"text\/html\" \/>\n<meta property=\"og:video:duration\" content=\"18\" \/>\n<meta property=\"og:video:width\" content=\"480\" \/>\n<meta property=\"og:video:height\" content=\"270\" \/>\n<meta property=\"ya:ovs:adult\" content=\"false\" \/>\n<meta property=\"ya:ovs:upload_date\" content=\"2016-02-23T20:00:19+00:00\" \/>\n<meta property=\"ya:ovs:allow_embed\" content=\"true\" \/>\n<meta property=\"product:price:amount\" content=\"830.00\" \/>\n<meta property=\"product:price:currency\" content=\"EUR\" \/>\n<meta property=\"og:availability\" content=\"instock\" \/>\n<meta property=\"product:availability\" content=\"instock\" \/>\n<meta property=\"product:retailer_item_id\" content=\"buendigfraeser-fuer-angeleimte-kanten-an-holz-moebelteilen\" \/>\n<meta property=\"product:condition\" content=\"new\" \/>\n<!-- \/ Yoast SEO Premium plugin. -->","yoast_head_json":{"title":"Planfr\u00e6ser til limede kanter p\u00e5 m\u00f8beldele af tr\u00e6","description":"Opn\u00e5 perfekte resultater med vores planfr\u00e6ser til limede kanter p\u00e5 m\u00f8beldele af tr\u00e6. F\u00e5 dit v\u00e6rkt\u00f8j i dag!","robots":{"index":"index","follow":"follow","max-snippet":"max-snippet:-1","max-image-preview":"max-image-preview:large","max-video-preview":"max-video-preview:-1"},"canonical":"https:\/\/c-hessler.de\/da\/butik\/endefraeser-til-limede-kanter-pa-mobeldele-af-trae\/","og_locale":"da_DK","og_type":"article","og_title":"B\u00fcndigfr\u00e4ser f\u00fcr angeleimte Kanten an Holz-M\u00f6belteilen: Allwinkel-B\u00fcndigfr\u00e4ser MZ 100 160V","og_description":"Mit unserem B\u00fcndigfr\u00e4ser f\u00fcr angeleimte Kanten an Holz-M\u00f6belteilen erreichen Sie perfekte Ergebnisse. Holen Sie sich Ihr Werkzeug noch heute!","og_url":"https:\/\/c-hessler.de\/da\/butik\/endefraeser-til-limede-kanter-pa-mobeldele-af-trae\/","og_site_name":"Dr. Christoph He\u00dfler Maschinensysteme","article_publisher":"https:\/\/www.facebook.com\/DrChristophHesslerMaschinensysteme\/","article_modified_time":"2026-08-12T16:10:23+00:00","og_image":[{"width":900,"height":599,"url":"https:\/\/c-hessler.de\/wp-content\/uploads\/2016\/02\/IMG_6521_DxO.jpg","type":"image\/jpeg"}],"twitter_misc":{"Pris":"830,00&nbsp;&euro; ohne MwSt.","Tilg\u00e6ngelighed":"P\u00e5 lager"},"schema":{"@context":"https:\/\/schema.org","@graph":[{"@type":"WebPage","@id":"https:\/\/c-hessler.de\/shop\/buendigfraeser-fuer-angeleimte-kanten-an-holz-moebelteilen\/","url":"https:\/\/c-hessler.de\/shop\/buendigfraeser-fuer-angeleimte-kanten-an-holz-moebelteilen\/","name":"Planfr\u00e6ser til limede kanter p\u00e5 m\u00f8beldele af tr\u00e6","isPartOf":{"@id":"https:\/\/c-hessler.de\/#website"},"primaryImageOfPage":{"@id":"https:\/\/c-hessler.de\/shop\/buendigfraeser-fuer-angeleimte-kanten-an-holz-moebelteilen\/#primaryimage"},"image":{"@id":"https:\/\/c-hessler.de\/shop\/buendigfraeser-fuer-angeleimte-kanten-an-holz-moebelteilen\/#primaryimage"},"thumbnailUrl":"https:\/\/c-hessler.de\/wp-content\/uploads\/2016\/02\/IMG_6521_DxO.jpg","datePublished":"2016-02-23T20:00:19+00:00","dateModified":"2026-08-12T16:10:23+00:00","description":"Opn\u00e5 perfekte resultater med vores planfr\u00e6ser til limede kanter p\u00e5 m\u00f8beldele af tr\u00e6. F\u00e5 dit v\u00e6rkt\u00f8j i dag!","breadcrumb":{"@id":"https:\/\/c-hessler.de\/shop\/buendigfraeser-fuer-angeleimte-kanten-an-holz-moebelteilen\/#breadcrumb"},"inLanguage":"da-DK","potentialAction":[{"@type":"ReadAction","target":["https:\/\/c-hessler.de\/shop\/buendigfraeser-fuer-angeleimte-kanten-an-holz-moebelteilen\/"]}]},{"@type":"ImageObject","inLanguage":"da-DK","@id":"https:\/\/c-hessler.de\/shop\/buendigfraeser-fuer-angeleimte-kanten-an-holz-moebelteilen\/#primaryimage","url":"https:\/\/c-hessler.de\/wp-content\/uploads\/2016\/02\/IMG_6521_DxO.jpg","contentUrl":"https:\/\/c-hessler.de\/wp-content\/uploads\/2016\/02\/IMG_6521_DxO.jpg","width":900,"height":599,"caption":"B\u00fcndigfr\u00e4ser mit Anlauflager wird angetrieben von hochwertigem Druckluft-Motor."},{"@type":"BreadcrumbList","@id":"https:\/\/c-hessler.de\/shop\/buendigfraeser-fuer-angeleimte-kanten-an-holz-moebelteilen\/#breadcrumb","itemListElement":[{"@type":"ListItem","position":1,"name":"Produkte","item":"https:\/\/c-hessler.de\/produkte\/"},{"@type":"ListItem","position":2,"name":"B\u00fcndigfr\u00e4ser f\u00fcr angeleimte Kanten an Holz-M\u00f6belteilen: Allwinkel-B\u00fcndigfr\u00e4ser MZ 100 160V"}]},{"@type":"WebSite","@id":"https:\/\/c-hessler.de\/#website","url":"https:\/\/c-hessler.de\/","name":"www.c-hessler.de","description":"","publisher":{"@id":"https:\/\/c-hessler.de\/#organization"},"potentialAction":[{"@type":"SearchAction","target":{"@type":"EntryPoint","urlTemplate":"https:\/\/c-hessler.de\/?s={search_term_string}"},"query-input":{"@type":"PropertyValueSpecification","valueRequired":true,"valueName":"search_term_string"}}],"inLanguage":"da-DK"},{"@type":"Organization","@id":"https:\/\/c-hessler.de\/#organization","name":"Dr. Christoph He\u00dfler Maskinsystemer","alternateName":"Dr. Christoph He\u00dfler Maschinensysteme","url":"https:\/\/c-hessler.de\/","logo":{"@type":"ImageObject","inLanguage":"da-DK","@id":"https:\/\/c-hessler.de\/#\/schema\/logo\/image\/","url":"https:\/\/c-hessler.de\/wp-content\/uploads\/2026\/02\/Draw-03-150312-110115-Ausgeschnitten-I.jpg","contentUrl":"https:\/\/c-hessler.de\/wp-content\/uploads\/2026\/02\/Draw-03-150312-110115-Ausgeschnitten-I.jpg","width":445,"height":394,"caption":"Dr. Christoph He\u00dfler Maschinensysteme"},"image":{"@id":"https:\/\/c-hessler.de\/#\/schema\/logo\/image\/"},"sameAs":["https:\/\/www.facebook.com\/DrChristophHesslerMaschinensysteme\/","https:\/\/www.pinterest.de\/hesstools\/","https:\/\/www.youtube.com\/channel\/UCaNnXDGGF_BiYFQZ2kJgi-A?view_as=subscriber"],"description":"1. Kant- og hj\u00f8rnefr\u00e6sning for t\u00f8mrere og snedkere, specialfremstilling\n2. Ogs\u00e5 til efterbehandling af hj\u00f8rnesvejsninger p\u00e5 aluminiumsmaterialer, for bilbyggere eller metalkonstrukt\u00f8rer af enhver art","email":"christoph.hessler@c-hessler.de","telephone":"0527413012080","legalName":"Dr. Christoph He\u00dfler Maschinensysteme","foundingDate":"2003-06-05","vatID":"DE230070107","numberOfEmployees":{"@type":"QuantitativeValue","minValue":"1","maxValue":"10"}}]},"og_video":"https:\/\/www.youtube.com\/embed\/1ccs5AtyiBg","og_video_type":"text\/html","og_video_duration":"18","og_video_width":"480","og_video_height":"270","ya_ovs_adult":"false","ya_ovs_upload_date":"2016-02-23T20:00:19+00:00","ya_ovs_allow_embed":"true","product_price_amount":"830.00","product_price_currency":"EUR","og_availability":"instock","product_availability":"instock","product_retailer_item_id":"buendigfraeser-fuer-angeleimte-kanten-an-holz-moebelteilen","product_condition":"new"},"_links":{"self":[{"href":"https:\/\/c-hessler.de\/da\/wp-json\/wp\/v2\/product\/10345","targetHints":{"allow":["GET"]}}],"collection":[{"href":"https:\/\/c-hessler.de\/da\/wp-json\/wp\/v2\/product"}],"about":[{"href":"https:\/\/c-hessler.de\/da\/wp-json\/wp\/v2\/types\/product"}],"replies":[{"embeddable":true,"href":"https:\/\/c-hessler.de\/da\/wp-json\/wp\/v2\/comments?post=10345"}],"wp:featuredmedia":[{"embeddable":true,"href":"https:\/\/c-hessler.de\/da\/wp-json\/wp\/v2\/media\/10491"}],"wp:attachment":[{"href":"https:\/\/c-hessler.de\/da\/wp-json\/wp\/v2\/media?parent=10345"}],"wp:term":[{"taxonomy":"product_brand","embeddable":true,"href":"https:\/\/c-hessler.de\/da\/wp-json\/wp\/v2\/product_brand?post=10345"},{"taxonomy":"product_cat","embeddable":true,"href":"https:\/\/c-hessler.de\/da\/wp-json\/wp\/v2\/product_cat?post=10345"},{"taxonomy":"product_tag","embeddable":true,"href":"https:\/\/c-hessler.de\/da\/wp-json\/wp\/v2\/product_tag?post=10345"}],"curies":[{"name":"wp","href":"https:\/\/api.w.org\/{rel}","templated":true}]}}