{"id":207113,"date":"2025-07-29T19:14:30","date_gmt":"2025-07-29T17:14:30","guid":{"rendered":"https:\/\/c-hessler.de\/?page_id=207113"},"modified":"2025-12-09T12:45:13","modified_gmt":"2025-12-09T11:45:13","slug":"obrzynarka-wideo-kf-400-top-na-zywo-z-targow","status":"publish","type":"page","link":"https:\/\/c-hessler.de\/pl\/produkte\/video-kantenfraese-kf-400-top-live-von-der-messe\/","title":{"rendered":"Wideo frezarka g\u00f3rnowrzecionowa KF 400 TOP na \u017cywo z targ\u00f3w"},"content":{"rendered":"<p>[et_pb_section fb_built=&#8220;1&#8243; _builder_version=&#8220;4.27.4&#8243; global_colors_info=&#8220;{}&#8220;][et_pb_row _builder_version=&#8220;4.16&#8243; background_size=&#8220;initial&#8220; background_position=&#8220;top_left&#8220; background_repeat=&#8220;repeat&#8220; global_colors_info=&#8220;{}&#8220;][et_pb_column type=&#8220;4_4&#8243; _builder_version=&#8220;4.16&#8243; custom_padding=&#8220;|||&#8220; global_colors_info=&#8220;{}&#8220; custom_padding__hover=&#8220;|||&#8220;][et_pb_code _builder_version=&#8220;4.27.4&#8243; _module_preset=&#8220;default&#8220; global_colors_info=&#8220;{}&#8220;]<\/p>\n<div style=\"position: relative; padding-bottom: 56.25%; height: 0; overflow: hidden;\"><!-- [et_pb_line_break_holder] --> <iframe src=\"https:\/\/www.youtube.com\/embed\/MM6q6c1a8gE\">          style=&#8220;position: absolute; top: 0; left: 0; width: 100%; height: 100%; border: 0;&#8220; <!-- [et_pb_line_break_holder] -->          allow=&#8220;encrypted-media&#8220; <!-- [et_pb_line_break_holder] -->          allowfullscreen><!-- [et_pb_line_break_holder] -->  <\/iframe><!-- [et_pb_line_break_holder] --><\/div>\n<p><!-- [et_pb_line_break_holder] --><!-- [et_pb_line_break_holder] -->[\/et_pb_code][\/et_pb_column][\/et_pb_row][et_pb_row _builder_version=&#8220;4.27.4&#8243; background_size=&#8220;initial&#8220; background_position=&#8220;top_left&#8220; background_repeat=&#8220;repeat&#8220; global_colors_info=&#8220;{}&#8220;][et_pb_column type=&#8220;4_4&#8243; _builder_version=&#8220;4.16&#8243; custom_padding=&#8220;|||&#8220; global_colors_info=&#8220;{}&#8220; custom_padding__hover=&#8220;|||&#8220;][et_pb_text _builder_version=&#8220;4.27.4&#8243; _module_preset=&#8220;default&#8220; hover_enabled=&#8220;0&#8243; global_colors_info=&#8220;{}&#8220; sticky_enabled=&#8220;0&#8243;]<\/p>\n<p>Das Video zeigt die leichte Premium-Kantenfr\u00e4se KF 400 TOP. Ausgestattet mit hochpr\u00e4zisen mechanischen Bauteilen ist sie f\u00fcr ihr geringes Gewicht nicht zur erstaunlich leistungsf\u00e4hig. Mit dem inklusiven Abluftschlauch ist sie auch sehr leise und angenehm in der Handhabung. Die leichte Premium-Kantenfr\u00e4se wird eingesetzt f\u00fcr das Kantenbrechen, das Runden von Kanten oder das Fasen von Kanten. Empfohlen bis Radius 2 mm. F\u00fcr mehr Leistung gibt es die <a href=\"https:\/\/c-hessler.de\/shop\/kantenfraese-mit-druckluft-kf-400-iii\/\">Kantenfr\u00e4se KF 400 III<\/a>.<\/p>\n<p>[\/et_pb_text][et_pb_button button_url=&#8220;https:\/\/c-hessler.de\/shop\/leichte-premium-kantenfraese-kf-400\/&#8220; button_text=&#8220;Zur\u00fcck zum Produkt&#8220; _builder_version=&#8220;4.27.4&#8243; _module_preset=&#8220;default&#8220; global_colors_info=&#8220;{}&#8220;][\/et_pb_button][\/et_pb_column][\/et_pb_row][\/et_pb_section]<\/p>\n","protected":false},"excerpt":{"rendered":"<p>[et_pb_section fb_built=&#8220;1&#8243; _builder_version=&#8220;4.27.4&#8243; global_colors_info=&#8220;{}&#8220;][et_pb_row _builder_version=&#8220;4.16&#8243; background_size=&#8220;initial&#8220; background_position=&#8220;top_left&#8220; background_repeat=&#8220;repeat&#8220; global_colors_info=&#8220;{}&#8220;][et_pb_column type=&#8220;4_4&#8243; _builder_version=&#8220;4.16&#8243; custom_padding=&#8220;|||&#8220; global_colors_info=&#8220;{}&#8220; custom_padding__hover=&#8220;|||&#8220;][et_pb_code _builder_version=&#8220;4.27.4&#8243; _module_preset=&#8220;default&#8220; global_colors_info=&#8220;{}&#8220;] style=&#8220;position: absolute; top: 0; left: 0; width: 100%; height: 100%; border: 0;&#8220; allow=&#8220;encrypted-media&#8220; allowfullscreen> [\/et_pb_code][\/et_pb_column][\/et_pb_row][et_pb_row _builder_version=&#8220;4.27.4&#8243; background_size=&#8220;initial&#8220; background_position=&#8220;top_left&#8220; background_repeat=&#8220;repeat&#8220; global_colors_info=&#8220;{}&#8220;][et_pb_column type=&#8220;4_4&#8243; _builder_version=&#8220;4.16&#8243; custom_padding=&#8220;|||&#8220; global_colors_info=&#8220;{}&#8220; custom_padding__hover=&#8220;|||&#8220;][et_pb_text _builder_version=&#8220;4.27.4&#8243; _module_preset=&#8220;default&#8220; hover_enabled=&#8220;0&#8243; global_colors_info=&#8220;{}&#8220; sticky_enabled=&#8220;0&#8243;] Das Video zeigt die leichte Premium-Kantenfr\u00e4se KF 400 [&hellip;]<\/p>\n","protected":false},"author":5,"featured_media":0,"parent":49,"menu_order":1,"comment_status":"closed","ping_status":"closed","template":"","meta":{"footnotes":""},"class_list":["post-207113","page","type-page","status-publish","hentry"],"yoast_head":"<!-- This site is optimized with the Yoast SEO Premium plugin v27.0 (Yoast SEO v27.5) - https:\/\/yoast.com\/product\/yoast-seo-premium-wordpress\/ -->\n<title>Video Kantenfr\u00e4se KF 400 TOP Live von der Messe<\/title>\n<meta name=\"description\" content=\"Im Video: Pr\u00e4zises Fr\u00e4sen von Kanten leicht gemacht! Nutzen Sie die leichte Premium-Kantenfr\u00e4se mit Druckluft f\u00fcr herausragende Ergebnisse.\" \/>\n<meta name=\"robots\" content=\"index, follow, max-snippet:-1, max-image-preview:large, max-video-preview:-1\" \/>\n<link rel=\"canonical\" href=\"https:\/\/c-hessler.de\/pl\/produkty\/obrzynarka-wideo-kf-400-top-na-zywo-z-targow\/\" \/>\n<meta property=\"og:locale\" content=\"pl_PL\" \/>\n<meta property=\"og:type\" content=\"article\" \/>\n<meta property=\"og:title\" content=\"Video Kantenfr\u00e4se KF 400 TOP Live von der Messe\" \/>\n<meta property=\"og:description\" content=\"Im Video: Pr\u00e4zises Fr\u00e4sen von Kanten leicht gemacht! Nutzen Sie die leichte Premium-Kantenfr\u00e4se mit Druckluft f\u00fcr herausragende Ergebnisse.\" \/>\n<meta property=\"og:url\" content=\"https:\/\/c-hessler.de\/pl\/produkty\/obrzynarka-wideo-kf-400-top-na-zywo-z-targow\/\" \/>\n<meta property=\"og:site_name\" content=\"Dr. Christoph He\u00dfler Maschinensysteme\" \/>\n<meta property=\"article:publisher\" content=\"https:\/\/www.facebook.com\/DrChristophHesslerMaschinensysteme\/\" \/>\n<meta property=\"article:modified_time\" content=\"2025-12-09T11:45:13+00:00\" \/>\n<meta name=\"twitter:label1\" content=\"Szacowany czas czytania\" \/>\n\t<meta name=\"twitter:data1\" content=\"1 minuta\" \/>\n<script type=\"application\/ld+json\" class=\"yoast-schema-graph\">{\"@context\":\"https:\\\/\\\/schema.org\",\"@graph\":[{\"@type\":\"WebPage\",\"@id\":\"https:\\\/\\\/c-hessler.de\\\/nl\\\/producten\\\/video-edger-kf-400-top-live-van-de-beurs\\\/\",\"url\":\"https:\\\/\\\/c-hessler.de\\\/nl\\\/producten\\\/video-edger-kf-400-top-live-van-de-beurs\\\/\",\"name\":\"Video Kantenfr\u00e4se KF 400 TOP Live von der Messe\",\"isPartOf\":{\"@id\":\"https:\\\/\\\/c-hessler.de\\\/#website\"},\"datePublished\":\"2025-07-29T17:14:30+00:00\",\"dateModified\":\"2025-12-09T11:45:13+00:00\",\"description\":\"Im Video: Pr\u00e4zises Fr\u00e4sen von Kanten leicht gemacht! Nutzen Sie die leichte Premium-Kantenfr\u00e4se mit Druckluft f\u00fcr herausragende Ergebnisse.\",\"breadcrumb\":{\"@id\":\"https:\\\/\\\/c-hessler.de\\\/nl\\\/producten\\\/video-edger-kf-400-top-live-van-de-beurs\\\/#breadcrumb\"},\"inLanguage\":\"pl-PL\",\"potentialAction\":[{\"@type\":\"ReadAction\",\"target\":[\"https:\\\/\\\/c-hessler.de\\\/nl\\\/producten\\\/video-edger-kf-400-top-live-van-de-beurs\\\/\"]}]},{\"@type\":\"BreadcrumbList\",\"@id\":\"https:\\\/\\\/c-hessler.de\\\/nl\\\/producten\\\/video-edger-kf-400-top-live-van-de-beurs\\\/#breadcrumb\",\"itemListElement\":[{\"@type\":\"ListItem\",\"position\":1,\"name\":\"Produkte\",\"item\":\"https:\\\/\\\/c-hessler.de\\\/produkte\\\/\"},{\"@type\":\"ListItem\",\"position\":2,\"name\":\"Video Kantenfr\u00e4se KF 400 TOP Live von der Messe\"}]},{\"@type\":\"WebSite\",\"@id\":\"https:\\\/\\\/c-hessler.de\\\/#website\",\"url\":\"https:\\\/\\\/c-hessler.de\\\/\",\"name\":\"www.c-hessler.de\",\"description\":\"\",\"publisher\":{\"@id\":\"https:\\\/\\\/c-hessler.de\\\/#organization\"},\"potentialAction\":[{\"@type\":\"SearchAction\",\"target\":{\"@type\":\"EntryPoint\",\"urlTemplate\":\"https:\\\/\\\/c-hessler.de\\\/?s={search_term_string}\"},\"query-input\":{\"@type\":\"PropertyValueSpecification\",\"valueRequired\":true,\"valueName\":\"search_term_string\"}}],\"inLanguage\":\"pl-PL\"},{\"@type\":\"Organization\",\"@id\":\"https:\\\/\\\/c-hessler.de\\\/#organization\",\"name\":\"Dr. Christoph He\u00dfler Maschinensysteme\",\"alternateName\":\"Dr. Christoph He\u00dfler Maschinensysteme\",\"url\":\"https:\\\/\\\/c-hessler.de\\\/\",\"logo\":{\"@type\":\"ImageObject\",\"inLanguage\":\"pl-PL\",\"@id\":\"https:\\\/\\\/c-hessler.de\\\/#\\\/schema\\\/logo\\\/image\\\/\",\"url\":\"https:\\\/\\\/c-hessler.de\\\/wp-content\\\/uploads\\\/2026\\\/02\\\/Draw-03-150312-110115-Ausgeschnitten-I.jpg\",\"contentUrl\":\"https:\\\/\\\/c-hessler.de\\\/wp-content\\\/uploads\\\/2026\\\/02\\\/Draw-03-150312-110115-Ausgeschnitten-I.jpg\",\"width\":445,\"height\":394,\"caption\":\"Dr. Christoph He\u00dfler Maschinensysteme\"},\"image\":{\"@id\":\"https:\\\/\\\/c-hessler.de\\\/#\\\/schema\\\/logo\\\/image\\\/\"},\"sameAs\":[\"https:\\\/\\\/www.facebook.com\\\/DrChristophHesslerMaschinensysteme\\\/\",\"https:\\\/\\\/www.pinterest.de\\\/hesstools\\\/\",\"https:\\\/\\\/www.youtube.com\\\/channel\\\/UCaNnXDGGF_BiYFQZ2kJgi-A?view_as=subscriber\"],\"description\":\"1. Ecken- und Kantenfr\u00e4sen f\u00fcr Tischler und Schreiner, Sonderanfertigungen 2. Auch f\u00fcr die Nachbearbeitung von Eck-Schwei\u00dfn\u00e4hten bei Aluminium-Werkstoffen, f\u00fcr Fahrzeugbauer oder Metallbauer aller Art\",\"email\":\"christoph.hessler@c-hessler.de\",\"telephone\":\"0527413012080\",\"legalName\":\"Dr. Christoph He\u00dfler Maschinensysteme\",\"foundingDate\":\"2003-06-05\",\"vatID\":\"DE230070107\",\"numberOfEmployees\":{\"@type\":\"QuantitativeValue\",\"minValue\":\"1\",\"maxValue\":\"10\"}}]}<\/script>\n<meta property=\"og:video\" content=\"https:\/\/www.youtube.com\/embed\/MM6q6c1a8gE\" \/>\n<meta property=\"og:video:type\" content=\"text\/html\" \/>\n<meta property=\"og:video:duration\" content=\"165\" \/>\n<meta property=\"og:video:width\" content=\"480\" \/>\n<meta property=\"og:video:height\" content=\"360\" \/>\n<meta property=\"ya:ovs:adult\" content=\"false\" \/>\n<meta property=\"ya:ovs:upload_date\" content=\"2025-07-29T17:14:30+00:00\" \/>\n<meta property=\"ya:ovs:allow_embed\" content=\"true\" \/>\n<!-- \/ Yoast SEO Premium plugin. -->","yoast_head_json":{"title":"Wideo frezarka g\u00f3rnowrzecionowa KF 400 TOP na \u017cywo z targ\u00f3w","description":"W filmie: Precyzyjne frezowanie kraw\u0119dzi sta\u0142o si\u0119 proste! Lekka frezarka kraw\u0119dziowa klasy premium ze spr\u0119\u017conym powietrzem zapewnia doskona\u0142e rezultaty.","robots":{"index":"index","follow":"follow","max-snippet":"max-snippet:-1","max-image-preview":"max-image-preview:large","max-video-preview":"max-video-preview:-1"},"canonical":"https:\/\/c-hessler.de\/pl\/produkty\/obrzynarka-wideo-kf-400-top-na-zywo-z-targow\/","og_locale":"pl_PL","og_type":"article","og_title":"Video Kantenfr\u00e4se KF 400 TOP Live von der Messe","og_description":"Im Video: Pr\u00e4zises Fr\u00e4sen von Kanten leicht gemacht! Nutzen Sie die leichte Premium-Kantenfr\u00e4se mit Druckluft f\u00fcr herausragende Ergebnisse.","og_url":"https:\/\/c-hessler.de\/pl\/produkty\/obrzynarka-wideo-kf-400-top-na-zywo-z-targow\/","og_site_name":"Dr. Christoph He\u00dfler Maschinensysteme","article_publisher":"https:\/\/www.facebook.com\/DrChristophHesslerMaschinensysteme\/","article_modified_time":"2025-12-09T11:45:13+00:00","twitter_misc":{"Szacowany czas czytania":"1 minuta"},"schema":{"@context":"https:\/\/schema.org","@graph":[{"@type":"WebPage","@id":"https:\/\/c-hessler.de\/nl\/producten\/video-edger-kf-400-top-live-van-de-beurs\/","url":"https:\/\/c-hessler.de\/nl\/producten\/video-edger-kf-400-top-live-van-de-beurs\/","name":"Wideo frezarka g\u00f3rnowrzecionowa KF 400 TOP na \u017cywo z targ\u00f3w","isPartOf":{"@id":"https:\/\/c-hessler.de\/#website"},"datePublished":"2025-07-29T17:14:30+00:00","dateModified":"2025-12-09T11:45:13+00:00","description":"W filmie: Precyzyjne frezowanie kraw\u0119dzi sta\u0142o si\u0119 proste! Lekka frezarka kraw\u0119dziowa klasy premium ze spr\u0119\u017conym powietrzem zapewnia doskona\u0142e rezultaty.","breadcrumb":{"@id":"https:\/\/c-hessler.de\/nl\/producten\/video-edger-kf-400-top-live-van-de-beurs\/#breadcrumb"},"inLanguage":"pl-PL","potentialAction":[{"@type":"ReadAction","target":["https:\/\/c-hessler.de\/nl\/producten\/video-edger-kf-400-top-live-van-de-beurs\/"]}]},{"@type":"BreadcrumbList","@id":"https:\/\/c-hessler.de\/nl\/producten\/video-edger-kf-400-top-live-van-de-beurs\/#breadcrumb","itemListElement":[{"@type":"ListItem","position":1,"name":"Produkte","item":"https:\/\/c-hessler.de\/produkte\/"},{"@type":"ListItem","position":2,"name":"Video Kantenfr\u00e4se KF 400 TOP Live von der Messe"}]},{"@type":"WebSite","@id":"https:\/\/c-hessler.de\/#website","url":"https:\/\/c-hessler.de\/","name":"www.c-hessler.de","description":"","publisher":{"@id":"https:\/\/c-hessler.de\/#organization"},"potentialAction":[{"@type":"SearchAction","target":{"@type":"EntryPoint","urlTemplate":"https:\/\/c-hessler.de\/?s={search_term_string}"},"query-input":{"@type":"PropertyValueSpecification","valueRequired":true,"valueName":"search_term_string"}}],"inLanguage":"pl-PL"},{"@type":"Organization","@id":"https:\/\/c-hessler.de\/#organization","name":"Dr Christoph He\u00dfler Machine Systems","alternateName":"Dr. Christoph He\u00dfler Maschinensysteme","url":"https:\/\/c-hessler.de\/","logo":{"@type":"ImageObject","inLanguage":"pl-PL","@id":"https:\/\/c-hessler.de\/#\/schema\/logo\/image\/","url":"https:\/\/c-hessler.de\/wp-content\/uploads\/2026\/02\/Draw-03-150312-110115-Ausgeschnitten-I.jpg","contentUrl":"https:\/\/c-hessler.de\/wp-content\/uploads\/2026\/02\/Draw-03-150312-110115-Ausgeschnitten-I.jpg","width":445,"height":394,"caption":"Dr. Christoph He\u00dfler Maschinensysteme"},"image":{"@id":"https:\/\/c-hessler.de\/#\/schema\/logo\/image\/"},"sameAs":["https:\/\/www.facebook.com\/DrChristophHesslerMaschinensysteme\/","https:\/\/www.pinterest.de\/hesstools\/","https:\/\/www.youtube.com\/channel\/UCaNnXDGGF_BiYFQZ2kJgi-A?view_as=subscriber"],"description":"1. Ecken- und Kantenfr\u00e4sen f\u00fcr Tischler und Schreiner, Sonderanfertigungen 2. Auch f\u00fcr die Nachbearbeitung von Eck-Schwei\u00dfn\u00e4hten bei Aluminium-Werkstoffen, f\u00fcr Fahrzeugbauer oder Metallbauer aller Art","email":"christoph.hessler@c-hessler.de","telephone":"0527413012080","legalName":"Dr. Christoph He\u00dfler Maschinensysteme","foundingDate":"2003-06-05","vatID":"DE230070107","numberOfEmployees":{"@type":"QuantitativeValue","minValue":"1","maxValue":"10"}}]},"og_video":"https:\/\/www.youtube.com\/embed\/MM6q6c1a8gE","og_video_type":"text\/html","og_video_duration":"165","og_video_width":"480","og_video_height":"360","ya_ovs_adult":"false","ya_ovs_upload_date":"2025-07-29T17:14:30+00:00","ya_ovs_allow_embed":"true"},"_hostinger_reach_plugin_has_subscription_block":false,"_hostinger_reach_plugin_is_elementor":false,"_links":{"self":[{"href":"https:\/\/c-hessler.de\/pl\/wp-json\/wp\/v2\/pages\/207113","targetHints":{"allow":["GET"]}}],"collection":[{"href":"https:\/\/c-hessler.de\/pl\/wp-json\/wp\/v2\/pages"}],"about":[{"href":"https:\/\/c-hessler.de\/pl\/wp-json\/wp\/v2\/types\/page"}],"author":[{"embeddable":true,"href":"https:\/\/c-hessler.de\/pl\/wp-json\/wp\/v2\/users\/5"}],"replies":[{"embeddable":true,"href":"https:\/\/c-hessler.de\/pl\/wp-json\/wp\/v2\/comments?post=207113"}],"version-history":[{"count":0,"href":"https:\/\/c-hessler.de\/pl\/wp-json\/wp\/v2\/pages\/207113\/revisions"}],"up":[{"embeddable":true,"href":"https:\/\/c-hessler.de\/pl\/wp-json\/wp\/v2\/pages\/49"}],"wp:attachment":[{"href":"https:\/\/c-hessler.de\/pl\/wp-json\/wp\/v2\/media?parent=207113"}],"curies":[{"name":"wp","href":"https:\/\/api.w.org\/{rel}","templated":true}]}}