{"id":205638,"date":"2019-01-17T08:43:08","date_gmt":"2019-01-17T07:43:08","guid":{"rendered":"https:\/\/c-hessler.de\/?post_type=product&#038;p=205638"},"modified":"2025-12-10T19:14:32","modified_gmt":"2025-12-10T18:14:32","slug":"45-graders-fraes-foer-fasade-kanter","status":"publish","type":"product","link":"https:\/\/c-hessler.de\/sv\/shop\/fraeser-45-grad-fuer-schraege-kanten\/","title":{"rendered":"45 graders fr\u00e4s f\u00f6r fasad kant"},"content":{"rendered":"<p><\/p>\n\n\n\n<div class=\"wp-block-columns are-vertically-aligned-center is-layout-flex wp-container-core-columns-is-layout-28f84493 wp-block-columns-is-layout-flex\">\n<div class=\"wp-block-column is-vertically-aligned-center is-layout-flow wp-block-column-is-layout-flow\">\n<h4 class=\"wp-block-heading\" id=\"h-fraser-fur-die-kantennachbearbeitung-an-schragen-schmalseiten\">Fr\u00e4s f\u00f6r kantbearbetning p\u00e5 sluttande smala sidor<\/h4>\n\n\n\n<p>En radie fr\u00e4ses p\u00e5 en befintlig fasad kant, se bild. Vid best\u00e4llning kan \u00f6nskad radie anges i best\u00e4llningsanteckningarna. Standard \u00e4r R2.<\/p>\n\n\n\n<p>L\u00e4mplig f\u00f6r tr\u00e4 och plast, maximalt kant\u00f6verh\u00e4ng 3 mm. Ju mindre kant\u00f6verh\u00e4ng, desto b\u00e4ttre blir den fr\u00e4sta ytan<\/p>\n\n\n\n<ul class=\"wp-block-list\">\n<li>Radie 2, skaft 8mm<\/li>\n\n\n\n<li>+45\u00b0 (trubbig vinkel), -45\u00b0 (spetsig vinkel)<\/li>\n\n\n\n<li>Monterad med tryckring<\/li>\n\n\n\n<li>H\u00e5rdmetall<\/li>\n\n\n\n<li>Varvtal upp till max. 30.000 rpm<\/li>\n\n\n\n<li>L\u00e4mplig f\u00f6r tr\u00e4 och plast, maximalt kant\u00f6verh\u00e4ng 3 mm. Ju mindre kant\u00f6verh\u00e4ng, desto b\u00e4ttre blir den fr\u00e4sta ytan<\/li>\n<\/ul>\n<\/div>\n\n\n\n<div class=\"wp-block-column is-vertically-aligned-center is-layout-flow wp-block-column-is-layout-flow\" style=\"flex-basis:60%\">\n<figure class=\"wp-block-image size-large\"><img fetchpriority=\"high\" decoding=\"async\" width=\"1024\" height=\"768\" src=\"https:\/\/c-hessler.de\/wp-content\/uploads\/2019\/01\/P1010026-1024x768.jpg\" alt=\"Trycklagret justerar fr\u00e4sens f\u00f6rskjutning mot arbetsstycket.\" class=\"wp-image-205651\"\/><figcaption class=\"wp-element-caption\">Bearbetning av fasad sida p\u00e5 spetsig sida<\/figcaption><\/figure>\n<\/div>\n<\/div>\n\n\n\n<div class=\"wp-block-columns are-vertically-aligned-center is-layout-flex wp-container-core-columns-is-layout-28f84493 wp-block-columns-is-layout-flex\">\n<div class=\"wp-block-column is-layout-flow wp-block-column-is-layout-flow\">\n<div class=\"wp-block-columns is-layout-flex wp-container-core-columns-is-layout-28f84493 wp-block-columns-is-layout-flex\">\n<div class=\"wp-block-column is-layout-flow wp-block-column-is-layout-flow\">\n<figure class=\"wp-block-image alignwide size-full\"><img decoding=\"async\" width=\"528\" height=\"480\" src=\"https:\/\/c-hessler.de\/wp-content\/uploads\/2019\/01\/HesStumpfP00-I.jpg\" alt=\"Fr\u00e4s f\u00f6r trubbig sida\" class=\"wp-image-205654\" srcset=\"https:\/\/c-hessler.de\/wp-content\/uploads\/2019\/01\/HesStumpfP00-I.jpg 528w, https:\/\/c-hessler.de\/wp-content\/uploads\/2019\/01\/HesStumpfP00-I-150x136.jpg 150w, https:\/\/c-hessler.de\/wp-content\/uploads\/2019\/01\/HesStumpfP00-I-510x464.jpg 510w, https:\/\/c-hessler.de\/wp-content\/uploads\/2019\/01\/HesStumpfP00-I-300x273.jpg 300w\" sizes=\"(max-width: 528px) 100vw, 528px\" \/><figcaption class=\"wp-element-caption\">Kvalitetss\u00e4kring av 45\u00b0-fr\u00e4sen f\u00f6r den trubbiga sidan<br><\/figcaption><\/figure>\n<\/div>\n\n\n\n<div class=\"wp-block-column is-layout-flow wp-block-column-is-layout-flow\">\n<figure class=\"wp-block-image alignwide size-full\"><img decoding=\"async\" width=\"528\" height=\"480\" src=\"https:\/\/c-hessler.de\/wp-content\/uploads\/2019\/01\/HesSpitzP00-I.jpg\" alt=\"Tangentiell str\u00e5le fr\u00e5n trycklagret till sk\u00e4reggen\" class=\"wp-image-205653\" srcset=\"https:\/\/c-hessler.de\/wp-content\/uploads\/2019\/01\/HesSpitzP00-I.jpg 528w, https:\/\/c-hessler.de\/wp-content\/uploads\/2019\/01\/HesSpitzP00-I-150x136.jpg 150w, https:\/\/c-hessler.de\/wp-content\/uploads\/2019\/01\/HesSpitzP00-I-510x464.jpg 510w, https:\/\/c-hessler.de\/wp-content\/uploads\/2019\/01\/HesSpitzP00-I-300x273.jpg 300w\" sizes=\"(max-width: 528px) 100vw, 528px\" \/><figcaption class=\"wp-element-caption\">Kontrollera placeringen av tryckringen och sk\u00e4reggen p\u00e5 den spetsiga sidan<br><\/figcaption><\/figure>\n<\/div>\n<\/div>\n<\/div>\n<\/div>\n\n\n\n<div style=\"height:30px\" aria-hidden=\"true\" class=\"wp-block-spacer\"><\/div>","protected":false},"excerpt":{"rendered":"<p>\u00d6verfr\u00e4s f\u00f6r efterbehandling av limmade kanter p\u00e5 avfasade smala ytor i 45\u00b0.<br \/>\nSatsen best\u00e5r av 2 fr\u00e4sar med 1 trycklager med tryckring, en fr\u00e4s f\u00f6r den spetsiga sidan av den smala ytan och en f\u00f6r den trubbiga sidan.<\/p>\n<p>Fr\u00e4sarna tillverkas som enskilda delar med h\u00f6g standard.<\/p>\n<ul>\n<li>2 sk\u00e4reggar av h\u00e5rdmetall<\/li>\n<li>Optimerad geometri f\u00f6r sk\u00e4reggar<\/li>\n<li>Trycklager av st\u00e5l med tryckring f\u00f6r respektive vinkel<\/li>\n<li>Valfri radie, standard \u00e4r R2<\/li>\n<\/ul>\n<p>V\u00e4lj den spetsiga eller trubbiga sidan av den 45-gradiga smala sidan fr\u00e5n alternativen. Fr\u00e4sarna kan ocks\u00e5 l\u00e4ggas till i varukorgen individuellt. <strong>F\u00f6r speciella \u00f6nskem\u00e5l, v\u00e4nligen kontakta oss via kontaktsidan eller direkt p\u00e5 telefon: 05741 3012080.<\/strong><\/p>","protected":false},"featured_media":205646,"comment_status":"open","ping_status":"closed","template":"","meta":[],"product_brand":[],"product_cat":[108],"product_tag":[106,109,38,45,111,110],"class_list":{"0":"post-205638","1":"product","2":"type-product","3":"status-publish","4":"has-post-thumbnail","6":"product_cat-werkzeuge","7":"product_tag-fraeser-45-grad","8":"product_tag-fraeser-45","9":"product_tag-handgefuehrt","10":"product_tag-kanten","11":"product_tag-schraege-kante","12":"product_tag-schraege-schmalseite","14":"first","15":"instock","16":"sold-individually","17":"taxable","18":"shipping-taxable","19":"purchasable","20":"product-type-variable"},"yoast_head":"<!-- This site is optimized with the Yoast SEO Premium plugin v27.0 (Yoast SEO v27.5) - https:\/\/yoast.com\/product\/yoast-seo-premium-wordpress\/ -->\n<title>Fr\u00e4ser f\u00fcr schr\u00e4ge Kanten 45 Grad zum Runden und B\u00fcndigfr\u00e4sen<\/title>\n<meta name=\"description\" content=\"F\u00fcr das Kantenrunden an schr\u00e4gen Schmalseiten ben\u00f6tigt man jeweils einen Fr\u00e4ser f\u00fcr die spitze Seite und die stumpfe Seite f\u00fcr die Kantennachbearbeitung.\" \/>\n<meta name=\"robots\" content=\"index, follow, max-snippet:-1, max-image-preview:large, max-video-preview:-1\" \/>\n<link rel=\"canonical\" href=\"https:\/\/c-hessler.de\/sv\/butik\/45-graders-fraes-foer-fasade-kanter\/\" \/>\n<meta property=\"og:locale\" content=\"sv_SE\" \/>\n<meta property=\"og:type\" content=\"article\" \/>\n<meta property=\"og:title\" content=\"Fr\u00e4ser 45 Grad f\u00fcr schr\u00e4ge Kante\" \/>\n<meta property=\"og:description\" content=\"F\u00fcr das Kantenrunden an schr\u00e4gen Schmalseiten ben\u00f6tigt man jeweils einen Fr\u00e4ser f\u00fcr die spitze Seite und die stumpfe Seite f\u00fcr die Kantennachbearbeitung.\" \/>\n<meta property=\"og:url\" content=\"https:\/\/c-hessler.de\/sv\/butik\/45-graders-fraes-foer-fasade-kanter\/\" \/>\n<meta property=\"og:site_name\" content=\"Dr. Christoph He\u00dfler Maschinensysteme\" \/>\n<meta property=\"article:publisher\" content=\"https:\/\/www.facebook.com\/DrChristophHesslerMaschinensysteme\/\" \/>\n<meta property=\"article:modified_time\" content=\"2025-12-10T18:14:32+00:00\" \/>\n<meta property=\"og:image\" content=\"https:\/\/c-hessler.de\/wp-content\/uploads\/2019\/01\/P1010008-e1547726631776.jpg\" \/>\n\t<meta property=\"og:image:width\" content=\"1448\" \/>\n\t<meta property=\"og:image:height\" content=\"1075\" \/>\n\t<meta property=\"og:image:type\" content=\"image\/jpeg\" \/>\n<meta name=\"twitter:label1\" content=\"Tillg\u00e4nglig\" \/>\n\t<meta name=\"twitter:data1\" content=\"I lager\" \/>\n<script type=\"application\/ld+json\" class=\"yoast-schema-graph\">{\"@context\":\"https:\\\/\\\/schema.org\",\"@graph\":[{\"@type\":\"WebPage\",\"@id\":\"https:\\\/\\\/c-hessler.de\\\/shop\\\/fraeser-45-grad-fuer-schraege-kanten\\\/\",\"url\":\"https:\\\/\\\/c-hessler.de\\\/shop\\\/fraeser-45-grad-fuer-schraege-kanten\\\/\",\"name\":\"Fr\u00e4ser f\u00fcr schr\u00e4ge Kanten 45 Grad zum Runden und B\u00fcndigfr\u00e4sen\",\"isPartOf\":{\"@id\":\"https:\\\/\\\/c-hessler.de\\\/#website\"},\"primaryImageOfPage\":{\"@id\":\"https:\\\/\\\/c-hessler.de\\\/shop\\\/fraeser-45-grad-fuer-schraege-kanten\\\/#primaryimage\"},\"image\":{\"@id\":\"https:\\\/\\\/c-hessler.de\\\/shop\\\/fraeser-45-grad-fuer-schraege-kanten\\\/#primaryimage\"},\"thumbnailUrl\":\"https:\\\/\\\/c-hessler.de\\\/wp-content\\\/uploads\\\/2019\\\/01\\\/P1010008-e1547726631776.jpg\",\"datePublished\":\"2019-01-17T07:43:08+00:00\",\"dateModified\":\"2025-12-10T18:14:32+00:00\",\"description\":\"F\u00fcr das Kantenrunden an schr\u00e4gen Schmalseiten ben\u00f6tigt man jeweils einen Fr\u00e4ser f\u00fcr die spitze Seite und die stumpfe Seite f\u00fcr die Kantennachbearbeitung.\",\"breadcrumb\":{\"@id\":\"https:\\\/\\\/c-hessler.de\\\/shop\\\/fraeser-45-grad-fuer-schraege-kanten\\\/#breadcrumb\"},\"inLanguage\":\"sv-SE\",\"potentialAction\":[{\"@type\":\"ReadAction\",\"target\":[\"https:\\\/\\\/c-hessler.de\\\/shop\\\/fraeser-45-grad-fuer-schraege-kanten\\\/\"]}]},{\"@type\":\"ImageObject\",\"inLanguage\":\"sv-SE\",\"@id\":\"https:\\\/\\\/c-hessler.de\\\/shop\\\/fraeser-45-grad-fuer-schraege-kanten\\\/#primaryimage\",\"url\":\"https:\\\/\\\/c-hessler.de\\\/wp-content\\\/uploads\\\/2019\\\/01\\\/P1010008-e1547726631776.jpg\",\"contentUrl\":\"https:\\\/\\\/c-hessler.de\\\/wp-content\\\/uploads\\\/2019\\\/01\\\/P1010008-e1547726631776.jpg\",\"width\":1448,\"height\":1075,\"caption\":\"Fr\u00e4ser f\u00fcr spitze Seite und stumpfe Seite\"},{\"@type\":\"BreadcrumbList\",\"@id\":\"https:\\\/\\\/c-hessler.de\\\/shop\\\/fraeser-45-grad-fuer-schraege-kanten\\\/#breadcrumb\",\"itemListElement\":[{\"@type\":\"ListItem\",\"position\":1,\"name\":\"Produkte\",\"item\":\"https:\\\/\\\/c-hessler.de\\\/produkte\\\/\"},{\"@type\":\"ListItem\",\"position\":2,\"name\":\"Fr\u00e4ser 45 Grad f\u00fcr schr\u00e4ge Kante\"}]},{\"@type\":\"WebSite\",\"@id\":\"https:\\\/\\\/c-hessler.de\\\/#website\",\"url\":\"https:\\\/\\\/c-hessler.de\\\/\",\"name\":\"www.c-hessler.de\",\"description\":\"\",\"publisher\":{\"@id\":\"https:\\\/\\\/c-hessler.de\\\/#organization\"},\"potentialAction\":[{\"@type\":\"SearchAction\",\"target\":{\"@type\":\"EntryPoint\",\"urlTemplate\":\"https:\\\/\\\/c-hessler.de\\\/?s={search_term_string}\"},\"query-input\":{\"@type\":\"PropertyValueSpecification\",\"valueRequired\":true,\"valueName\":\"search_term_string\"}}],\"inLanguage\":\"sv-SE\"},{\"@type\":\"Organization\",\"@id\":\"https:\\\/\\\/c-hessler.de\\\/#organization\",\"name\":\"Dr. Christoph He\u00dfler Maschinensysteme\",\"alternateName\":\"Dr. Christoph He\u00dfler Maschinensysteme\",\"url\":\"https:\\\/\\\/c-hessler.de\\\/\",\"logo\":{\"@type\":\"ImageObject\",\"inLanguage\":\"sv-SE\",\"@id\":\"https:\\\/\\\/c-hessler.de\\\/#\\\/schema\\\/logo\\\/image\\\/\",\"url\":\"https:\\\/\\\/c-hessler.de\\\/wp-content\\\/uploads\\\/2026\\\/02\\\/Draw-03-150312-110115-Ausgeschnitten-I.jpg\",\"contentUrl\":\"https:\\\/\\\/c-hessler.de\\\/wp-content\\\/uploads\\\/2026\\\/02\\\/Draw-03-150312-110115-Ausgeschnitten-I.jpg\",\"width\":445,\"height\":394,\"caption\":\"Dr. Christoph He\u00dfler Maschinensysteme\"},\"image\":{\"@id\":\"https:\\\/\\\/c-hessler.de\\\/#\\\/schema\\\/logo\\\/image\\\/\"},\"sameAs\":[\"https:\\\/\\\/www.facebook.com\\\/DrChristophHesslerMaschinensysteme\\\/\",\"https:\\\/\\\/www.pinterest.de\\\/hesstools\\\/\",\"https:\\\/\\\/www.youtube.com\\\/channel\\\/UCaNnXDGGF_BiYFQZ2kJgi-A?view_as=subscriber\"],\"description\":\"1. Ecken- und Kantenfr\u00e4sen f\u00fcr Tischler und Schreiner, Sonderanfertigungen 2. Auch f\u00fcr die Nachbearbeitung von Eck-Schwei\u00dfn\u00e4hten bei Aluminium-Werkstoffen, f\u00fcr Fahrzeugbauer oder Metallbauer aller Art\",\"email\":\"christoph.hessler@c-hessler.de\",\"telephone\":\"0527413012080\",\"legalName\":\"Dr. Christoph He\u00dfler Maschinensysteme\",\"foundingDate\":\"2003-06-05\",\"vatID\":\"DE230070107\",\"numberOfEmployees\":{\"@type\":\"QuantitativeValue\",\"minValue\":\"1\",\"maxValue\":\"10\"}}]}<\/script>\n<meta property=\"og:availability\" content=\"instock\" \/>\n<meta property=\"product:availability\" content=\"instock\" \/>\n<meta property=\"product:retailer_item_id\" content=\"fraeser-45-grad-fuer-schraege-kanten\" \/>\n<meta property=\"product:condition\" content=\"new\" \/>\n<!-- \/ Yoast SEO Premium plugin. -->","yoast_head_json":{"title":"Fr\u00e4s f\u00f6r fasade kanter 45 grader f\u00f6r rundning och planfr\u00e4sning","description":"F\u00f6r kantavrundning p\u00e5 fasade smala sidor beh\u00f6ver du en fr\u00e4s f\u00f6r den spetsiga sidan och en f\u00f6r den trubbiga sidan f\u00f6r kantbearbetning.","robots":{"index":"index","follow":"follow","max-snippet":"max-snippet:-1","max-image-preview":"max-image-preview:large","max-video-preview":"max-video-preview:-1"},"canonical":"https:\/\/c-hessler.de\/sv\/butik\/45-graders-fraes-foer-fasade-kanter\/","og_locale":"sv_SE","og_type":"article","og_title":"Fr\u00e4ser 45 Grad f\u00fcr schr\u00e4ge Kante","og_description":"F\u00fcr das Kantenrunden an schr\u00e4gen Schmalseiten ben\u00f6tigt man jeweils einen Fr\u00e4ser f\u00fcr die spitze Seite und die stumpfe Seite f\u00fcr die Kantennachbearbeitung.","og_url":"https:\/\/c-hessler.de\/sv\/butik\/45-graders-fraes-foer-fasade-kanter\/","og_site_name":"Dr. Christoph He\u00dfler Maschinensysteme","article_publisher":"https:\/\/www.facebook.com\/DrChristophHesslerMaschinensysteme\/","article_modified_time":"2025-12-10T18:14:32+00:00","og_image":[{"width":1448,"height":1075,"url":"https:\/\/c-hessler.de\/wp-content\/uploads\/2019\/01\/P1010008-e1547726631776.jpg","type":"image\/jpeg"}],"twitter_misc":{"Tillg\u00e4nglig":"I lager"},"schema":{"@context":"https:\/\/schema.org","@graph":[{"@type":"WebPage","@id":"https:\/\/c-hessler.de\/shop\/fraeser-45-grad-fuer-schraege-kanten\/","url":"https:\/\/c-hessler.de\/shop\/fraeser-45-grad-fuer-schraege-kanten\/","name":"Fr\u00e4s f\u00f6r fasade kanter 45 grader f\u00f6r rundning och planfr\u00e4sning","isPartOf":{"@id":"https:\/\/c-hessler.de\/#website"},"primaryImageOfPage":{"@id":"https:\/\/c-hessler.de\/shop\/fraeser-45-grad-fuer-schraege-kanten\/#primaryimage"},"image":{"@id":"https:\/\/c-hessler.de\/shop\/fraeser-45-grad-fuer-schraege-kanten\/#primaryimage"},"thumbnailUrl":"https:\/\/c-hessler.de\/wp-content\/uploads\/2019\/01\/P1010008-e1547726631776.jpg","datePublished":"2019-01-17T07:43:08+00:00","dateModified":"2025-12-10T18:14:32+00:00","description":"F\u00f6r kantavrundning p\u00e5 fasade smala sidor beh\u00f6ver du en fr\u00e4s f\u00f6r den spetsiga sidan och en f\u00f6r den trubbiga sidan f\u00f6r kantbearbetning.","breadcrumb":{"@id":"https:\/\/c-hessler.de\/shop\/fraeser-45-grad-fuer-schraege-kanten\/#breadcrumb"},"inLanguage":"sv-SE","potentialAction":[{"@type":"ReadAction","target":["https:\/\/c-hessler.de\/shop\/fraeser-45-grad-fuer-schraege-kanten\/"]}]},{"@type":"ImageObject","inLanguage":"sv-SE","@id":"https:\/\/c-hessler.de\/shop\/fraeser-45-grad-fuer-schraege-kanten\/#primaryimage","url":"https:\/\/c-hessler.de\/wp-content\/uploads\/2019\/01\/P1010008-e1547726631776.jpg","contentUrl":"https:\/\/c-hessler.de\/wp-content\/uploads\/2019\/01\/P1010008-e1547726631776.jpg","width":1448,"height":1075,"caption":"Fr\u00e4ser f\u00fcr spitze Seite und stumpfe Seite"},{"@type":"BreadcrumbList","@id":"https:\/\/c-hessler.de\/shop\/fraeser-45-grad-fuer-schraege-kanten\/#breadcrumb","itemListElement":[{"@type":"ListItem","position":1,"name":"Produkte","item":"https:\/\/c-hessler.de\/produkte\/"},{"@type":"ListItem","position":2,"name":"Fr\u00e4ser 45 Grad f\u00fcr schr\u00e4ge Kante"}]},{"@type":"WebSite","@id":"https:\/\/c-hessler.de\/#website","url":"https:\/\/c-hessler.de\/","name":"www.c-hessler.de","description":"","publisher":{"@id":"https:\/\/c-hessler.de\/#organization"},"potentialAction":[{"@type":"SearchAction","target":{"@type":"EntryPoint","urlTemplate":"https:\/\/c-hessler.de\/?s={search_term_string}"},"query-input":{"@type":"PropertyValueSpecification","valueRequired":true,"valueName":"search_term_string"}}],"inLanguage":"sv-SE"},{"@type":"Organization","@id":"https:\/\/c-hessler.de\/#organization","name":"Dr Christoph He\u00dfler Maskinsystem","alternateName":"Dr. Christoph He\u00dfler Maschinensysteme","url":"https:\/\/c-hessler.de\/","logo":{"@type":"ImageObject","inLanguage":"sv-SE","@id":"https:\/\/c-hessler.de\/#\/schema\/logo\/image\/","url":"https:\/\/c-hessler.de\/wp-content\/uploads\/2026\/02\/Draw-03-150312-110115-Ausgeschnitten-I.jpg","contentUrl":"https:\/\/c-hessler.de\/wp-content\/uploads\/2026\/02\/Draw-03-150312-110115-Ausgeschnitten-I.jpg","width":445,"height":394,"caption":"Dr. Christoph He\u00dfler Maschinensysteme"},"image":{"@id":"https:\/\/c-hessler.de\/#\/schema\/logo\/image\/"},"sameAs":["https:\/\/www.facebook.com\/DrChristophHesslerMaschinensysteme\/","https:\/\/www.pinterest.de\/hesstools\/","https:\/\/www.youtube.com\/channel\/UCaNnXDGGF_BiYFQZ2kJgi-A?view_as=subscriber"],"description":"1. Ecken- und Kantenfr\u00e4sen f\u00fcr Tischler und Schreiner, Sonderanfertigungen 2. Auch f\u00fcr die Nachbearbeitung von Eck-Schwei\u00dfn\u00e4hten bei Aluminium-Werkstoffen, f\u00fcr Fahrzeugbauer oder Metallbauer aller Art","email":"christoph.hessler@c-hessler.de","telephone":"0527413012080","legalName":"Dr. Christoph He\u00dfler Maschinensysteme","foundingDate":"2003-06-05","vatID":"DE230070107","numberOfEmployees":{"@type":"QuantitativeValue","minValue":"1","maxValue":"10"}}]},"og_availability":"instock","product_availability":"instock","product_retailer_item_id":"fraeser-45-grad-fuer-schraege-kanten","product_condition":"new"},"_links":{"self":[{"href":"https:\/\/c-hessler.de\/sv\/wp-json\/wp\/v2\/product\/205638","targetHints":{"allow":["GET"]}}],"collection":[{"href":"https:\/\/c-hessler.de\/sv\/wp-json\/wp\/v2\/product"}],"about":[{"href":"https:\/\/c-hessler.de\/sv\/wp-json\/wp\/v2\/types\/product"}],"replies":[{"embeddable":true,"href":"https:\/\/c-hessler.de\/sv\/wp-json\/wp\/v2\/comments?post=205638"}],"wp:featuredmedia":[{"embeddable":true,"href":"https:\/\/c-hessler.de\/sv\/wp-json\/wp\/v2\/media\/205646"}],"wp:attachment":[{"href":"https:\/\/c-hessler.de\/sv\/wp-json\/wp\/v2\/media?parent=205638"}],"wp:term":[{"taxonomy":"product_brand","embeddable":true,"href":"https:\/\/c-hessler.de\/sv\/wp-json\/wp\/v2\/product_brand?post=205638"},{"taxonomy":"product_cat","embeddable":true,"href":"https:\/\/c-hessler.de\/sv\/wp-json\/wp\/v2\/product_cat?post=205638"},{"taxonomy":"product_tag","embeddable":true,"href":"https:\/\/c-hessler.de\/sv\/wp-json\/wp\/v2\/product_tag?post=205638"}],"curies":[{"name":"wp","href":"https:\/\/api.w.org\/{rel}","templated":true}]}}